{"id":24039,"date":"2021-03-16T12:01:31","date_gmt":"2021-03-16T16:01:31","guid":{"rendered":"https:\/\/www.maglin.com\/?page_id=24039"},"modified":"2025-06-30T11:43:41","modified_gmt":"2025-06-30T15:43:41","slug":"a-propos-de-maglin","status":"publish","type":"page","link":"https:\/\/www.maglin.com\/fr\/entreprise\/a-propos-de-maglin\/","title":{"rendered":"\u00c0 propos de Maglin"},"content":{"rendered":"<div class=\"wpb-content-wrapper\"><p>[vc_row][vc_column][basic_container]<div class=\"maglin-intro-section\">\n\t<div class=\"maglin-intro-section__text lead-large\">\n\t\tDepuis ses tout d\u00e9buts, Maglin mise sur les liens\u2009: entre les gens et les lieux, entre la vision et la r\u00e9alisation, entre les id\u00e9es audacieuses et les mat\u00e9riaux durables.\t<\/div>\n\n\t<\/div>\n[\/basic_container][\/vc_column][\/vc_row][vc_row][vc_column][generic_carousel_container control_position=&#8221;generic-carousel__control&#8211;bottom generic-carousel__control&#8211;centre&#8221; arrow_pos=&#8221;arrows-vertical-center&#8221; items=&#8221;1&#8243; image_height=&#8221;maglin-v2-height-776&#8243; border_radius_corners=&#8221;media-curve-top-right&#8221; hide_dots=&#8221;true&#8221;]<div class=\"carousel-image full-height full-image media-curve-top-right\"> <div class=\"img-responsive-wrapper\"><img fetchpriority=\"high\" class=\"img-responsive-placeholder\" src=\"https:\/\/www.maglin.com\/app\/uploads\/2025\/05\/ian-ogden-calgary-about-150x150.jpg\" loading=\"eager\" alt=\"Maglin president and CEO Ian McAskile sits on an Ogden Bench in Yorkville Central Park, Calgary\" decoding=\"async\" width=\"2048\" height=\"1280\" \/><img decoding=\"async\" onload=\"this.parentNode.classList.add('loaded');\" class=\"img-responsive\" src=\"https:\/\/www.maglin.com\/app\/uploads\/2025\/05\/ian-ogden-calgary-about-2048x1280.jpg\" srcset=\"https:\/\/www.maglin.com\/app\/uploads\/2025\/05\/ian-ogden-calgary-about-300x188.jpg 300w, https:\/\/www.maglin.com\/app\/uploads\/2025\/05\/ian-ogden-calgary-about-1024x640.jpg 1024w, https:\/\/www.maglin.com\/app\/uploads\/2025\/05\/ian-ogden-calgary-about-768x480.jpg 768w, https:\/\/www.maglin.com\/app\/uploads\/2025\/05\/ian-ogden-calgary-about-1536x960.jpg 1536w, https:\/\/www.maglin.com\/app\/uploads\/2025\/05\/ian-ogden-calgary-about-1920x1200.jpg 1920w, https:\/\/www.maglin.com\/app\/uploads\/2025\/05\/ian-ogden-calgary-about.jpg 2048w\" sizes=\"auto, (max-width: 2048px) 100vw, 2048px\" loading=\"lazy\" alt=\"Maglin president and CEO Ian McAskile sits on an Ogden Bench in Yorkville Central Park, Calgary\" width=\"2048\" height=\"1280\"title=\"ian-ogden-calgary-about\"\/><\/div><\/div>\n<div class=\"carousel-image full-height full-image media-curve-top-right\"> <div class=\"img-responsive-wrapper\"><img class=\"img-responsive-placeholder\" src=\"https:\/\/www.maglin.com\/app\/uploads\/2025\/05\/maglin-staff-building-wave-150x150.jpg\" loading=\"eager\" alt=\"A drone image of Maglin employees waving in front of the Maglin headquarters.\" decoding=\"async\" width=\"2880\" height=\"1552\" \/><img decoding=\"async\" onload=\"this.parentNode.classList.add('loaded');\" class=\"img-responsive\" src=\"https:\/\/www.maglin.com\/app\/uploads\/2025\/05\/maglin-staff-building-wave-2880x1552.jpg\" srcset=\"https:\/\/www.maglin.com\/app\/uploads\/2025\/05\/maglin-staff-building-wave-300x162.jpg 300w, https:\/\/www.maglin.com\/app\/uploads\/2025\/05\/maglin-staff-building-wave-1024x552.jpg 1024w, https:\/\/www.maglin.com\/app\/uploads\/2025\/05\/maglin-staff-building-wave-768x414.jpg 768w, https:\/\/www.maglin.com\/app\/uploads\/2025\/05\/maglin-staff-building-wave-1536x828.jpg 1536w, https:\/\/www.maglin.com\/app\/uploads\/2025\/05\/maglin-staff-building-wave-2048x1104.jpg 2048w, https:\/\/www.maglin.com\/app\/uploads\/2025\/05\/maglin-staff-building-wave-1920x1035.jpg 1920w, https:\/\/www.maglin.com\/app\/uploads\/2025\/05\/maglin-staff-building-wave.jpg 2880w\" sizes=\"auto, (max-width: 2880px) 100vw, 2880px\" loading=\"lazy\" alt=\"A drone image of Maglin employees waving in front of the Maglin headquarters.\" width=\"2880\" height=\"1552\"title=\"maglin-staff-building-wave\"\/><\/div><\/div>\n<div class=\"carousel-image full-height full-image media-curve-top-right\"> <div class=\"img-responsive-wrapper\"><img class=\"img-responsive-placeholder\" src=\"https:\/\/www.maglin.com\/app\/uploads\/2025\/05\/asla-2025-dc-spy-museum-group-photo-150x150.jpg\" loading=\"eager\" alt=\"Maglin territory managers and landscape architect friends pose outside of the SPY museum in Washington DC.\" decoding=\"async\" width=\"2880\" height=\"1552\" \/><img decoding=\"async\" onload=\"this.parentNode.classList.add('loaded');\" class=\"img-responsive\" src=\"https:\/\/www.maglin.com\/app\/uploads\/2025\/05\/asla-2025-dc-spy-museum-group-photo-2880x1552.jpg\" srcset=\"https:\/\/www.maglin.com\/app\/uploads\/2025\/05\/asla-2025-dc-spy-museum-group-photo-300x162.jpg 300w, https:\/\/www.maglin.com\/app\/uploads\/2025\/05\/asla-2025-dc-spy-museum-group-photo-1024x552.jpg 1024w, https:\/\/www.maglin.com\/app\/uploads\/2025\/05\/asla-2025-dc-spy-museum-group-photo-768x414.jpg 768w, https:\/\/www.maglin.com\/app\/uploads\/2025\/05\/asla-2025-dc-spy-museum-group-photo-1536x828.jpg 1536w, https:\/\/www.maglin.com\/app\/uploads\/2025\/05\/asla-2025-dc-spy-museum-group-photo-2048x1104.jpg 2048w, https:\/\/www.maglin.com\/app\/uploads\/2025\/05\/asla-2025-dc-spy-museum-group-photo-1920x1035.jpg 1920w, https:\/\/www.maglin.com\/app\/uploads\/2025\/05\/asla-2025-dc-spy-museum-group-photo.jpg 2880w\" sizes=\"auto, (max-width: 2880px) 100vw, 2880px\" loading=\"lazy\" alt=\"Maglin territory managers and landscape architect friends pose outside of the SPY museum in Washington DC.\" width=\"2880\" height=\"1552\"title=\"asla-2025-dc-spy-museum-group-photo\"\/><\/div><\/div>\n<div class=\"carousel-image full-height full-image media-curve-top-right\"> <div class=\"img-responsive-wrapper\"><img class=\"img-responsive-placeholder\" src=\"https:\/\/www.maglin.com\/app\/uploads\/2025\/05\/cheryl-elizabeth-usha-trish-sarah-edgar-valentines-150x150.jpg\" loading=\"eager\" alt=\"Maglin employees pose for a photo on Valentine's Day! Sarah wears a black t-shirt with a pink heart and Edgar has a tray of Valentine's Day goodies.\" decoding=\"async\" width=\"2880\" height=\"1552\" \/><img decoding=\"async\" onload=\"this.parentNode.classList.add('loaded');\" class=\"img-responsive\" src=\"https:\/\/www.maglin.com\/app\/uploads\/2025\/05\/cheryl-elizabeth-usha-trish-sarah-edgar-valentines-2880x1552.jpg\" srcset=\"https:\/\/www.maglin.com\/app\/uploads\/2025\/05\/cheryl-elizabeth-usha-trish-sarah-edgar-valentines-300x162.jpg 300w, https:\/\/www.maglin.com\/app\/uploads\/2025\/05\/cheryl-elizabeth-usha-trish-sarah-edgar-valentines-1024x552.jpg 1024w, https:\/\/www.maglin.com\/app\/uploads\/2025\/05\/cheryl-elizabeth-usha-trish-sarah-edgar-valentines-768x414.jpg 768w, https:\/\/www.maglin.com\/app\/uploads\/2025\/05\/cheryl-elizabeth-usha-trish-sarah-edgar-valentines-1536x828.jpg 1536w, https:\/\/www.maglin.com\/app\/uploads\/2025\/05\/cheryl-elizabeth-usha-trish-sarah-edgar-valentines-2048x1104.jpg 2048w, https:\/\/www.maglin.com\/app\/uploads\/2025\/05\/cheryl-elizabeth-usha-trish-sarah-edgar-valentines-1920x1035.jpg 1920w, https:\/\/www.maglin.com\/app\/uploads\/2025\/05\/cheryl-elizabeth-usha-trish-sarah-edgar-valentines.jpg 2880w\" sizes=\"auto, (max-width: 2880px) 100vw, 2880px\" loading=\"lazy\" alt=\"Maglin employees pose for a photo on Valentine's Day! Sarah wears a black t-shirt with a pink heart and Edgar has a tray of Valentine's Day goodies.\" width=\"2880\" height=\"1552\"title=\"cheryl-elizabeth-usha-trish-sarah-edgar-valentines\"\/><\/div><\/div>\n<div class=\"carousel-image full-height full-image media-curve-top-right\"> <div class=\"img-responsive-wrapper\"><img class=\"img-responsive-placeholder\" src=\"https:\/\/www.maglin.com\/app\/uploads\/2025\/05\/design_meeting_employees-150x150.jpg\" loading=\"eager\" alt=\"Maglin employees sit and listen to a presentation by product designer Edgar\" decoding=\"async\" width=\"1440\" height=\"753\" \/><img decoding=\"async\" onload=\"this.parentNode.classList.add('loaded');\" class=\"img-responsive\" src=\"https:\/\/www.maglin.com\/app\/uploads\/2025\/05\/design_meeting_employees-1440x753.jpg\" srcset=\"https:\/\/www.maglin.com\/app\/uploads\/2025\/05\/design_meeting_employees-300x157.jpg 300w, https:\/\/www.maglin.com\/app\/uploads\/2025\/05\/design_meeting_employees-1024x535.jpg 1024w, https:\/\/www.maglin.com\/app\/uploads\/2025\/05\/design_meeting_employees-768x402.jpg 768w, https:\/\/www.maglin.com\/app\/uploads\/2025\/05\/design_meeting_employees.jpg 1440w\" sizes=\"auto, (max-width: 1440px) 100vw, 1440px\" loading=\"lazy\" alt=\"Maglin employees sit and listen to a presentation by product designer Edgar\" width=\"1440\" height=\"753\"title=\"design_meeting_employees\"\/><\/div><\/div>\n<div class=\"carousel-image full-height full-image media-curve-top-right\"> <div class=\"img-responsive-wrapper\"><img class=\"img-responsive-placeholder\" src=\"https:\/\/www.maglin.com\/app\/uploads\/2025\/05\/maglin-sustainability_people-150x150.jpg\" loading=\"eager\" alt=\"Two men sitting at computers in an office setting, smiling\" decoding=\"async\" width=\"1342\" height=\"1006\" \/><img decoding=\"async\" onload=\"this.parentNode.classList.add('loaded');\" class=\"img-responsive\" src=\"https:\/\/www.maglin.com\/app\/uploads\/2025\/05\/maglin-sustainability_people-1342x1006.jpg\" srcset=\"https:\/\/www.maglin.com\/app\/uploads\/2025\/05\/maglin-sustainability_people-300x225.jpg 300w, https:\/\/www.maglin.com\/app\/uploads\/2025\/05\/maglin-sustainability_people-1024x768.jpg 1024w, https:\/\/www.maglin.com\/app\/uploads\/2025\/05\/maglin-sustainability_people-768x576.jpg 768w, https:\/\/www.maglin.com\/app\/uploads\/2025\/05\/maglin-sustainability_people.jpg 1342w\" sizes=\"auto, (max-width: 1342px) 100vw, 1342px\" loading=\"lazy\" alt=\"Two men sitting at computers in an office setting, smiling\" width=\"1342\" height=\"1006\"title=\"maglin-sustainability_people\"\/><\/div><\/div>\n<div class=\"carousel-image full-height full-image media-curve-top-right\"> <div class=\"img-responsive-wrapper\"><img class=\"img-responsive-placeholder\" src=\"https:\/\/www.maglin.com\/app\/uploads\/2021\/02\/Sales-Team_website-150x150.jpg\" loading=\"eager\" alt=\"Maglin Sales Team - Adam, Barb, Jackie, Lynn\" decoding=\"async\" width=\"1020\" height=\"466\" \/><img decoding=\"async\" onload=\"this.parentNode.classList.add('loaded');\" class=\"img-responsive\" src=\"https:\/\/www.maglin.com\/app\/uploads\/2021\/02\/Sales-Team_website-1020x466.jpg\" srcset=\"https:\/\/www.maglin.com\/app\/uploads\/2021\/02\/Sales-Team_website-300x137.jpg 300w, https:\/\/www.maglin.com\/app\/uploads\/2021\/02\/Sales-Team_website-768x351.jpg 768w, https:\/\/www.maglin.com\/app\/uploads\/2021\/02\/Sales-Team_website.jpg 1020w\" sizes=\"auto, (max-width: 1020px) 100vw, 1020px\" loading=\"lazy\" alt=\"Maglin Sales Team - Adam, Barb, Jackie, Lynn\" width=\"1020\" height=\"466\"title=\"Sales-Team_website\"\/><\/div><\/div>\n<div class=\"carousel-image full-height full-image media-curve-top-right\"> <div class=\"img-responsive-wrapper\"><img class=\"img-responsive-placeholder\" src=\"https:\/\/www.maglin.com\/app\/uploads\/2022\/06\/Oskar-Ahopelto-150x150.jpg\" loading=\"eager\" alt=\"Oskar enjoying a coffee while working at his desk\" decoding=\"async\" width=\"1500\" height=\"1000\" \/><img decoding=\"async\" onload=\"this.parentNode.classList.add('loaded');\" class=\"img-responsive\" src=\"https:\/\/www.maglin.com\/app\/uploads\/2022\/06\/Oskar-Ahopelto-1500x1000.jpg\" srcset=\"https:\/\/www.maglin.com\/app\/uploads\/2022\/06\/Oskar-Ahopelto-300x200.jpg 300w, https:\/\/www.maglin.com\/app\/uploads\/2022\/06\/Oskar-Ahopelto-1024x683.jpg 1024w, https:\/\/www.maglin.com\/app\/uploads\/2022\/06\/Oskar-Ahopelto-768x512.jpg 768w, https:\/\/www.maglin.com\/app\/uploads\/2022\/06\/Oskar-Ahopelto.jpg 1500w\" sizes=\"auto, (max-width: 1500px) 100vw, 1500px\" loading=\"lazy\" alt=\"Oskar enjoying a coffee while working at his desk\" width=\"1500\" height=\"1000\"title=\"Oskar-Ahopelto\"\/><\/div><\/div>\n<div class=\"carousel-image full-height full-image media-curve-top-right\"> <div class=\"img-responsive-wrapper\"><img class=\"img-responsive-placeholder\" src=\"https:\/\/www.maglin.com\/app\/uploads\/2025\/05\/jewel-720-lounge-150x150.jpg\" loading=\"eager\" alt=\"Jewel, a small white and black mixed breed dog stands on a Maglin 720 Chaise lounge next to a pond.\" decoding=\"async\" width=\"2880\" height=\"1552\" \/><img decoding=\"async\" onload=\"this.parentNode.classList.add('loaded');\" class=\"img-responsive\" src=\"https:\/\/www.maglin.com\/app\/uploads\/2025\/05\/jewel-720-lounge-2880x1552.jpg\" srcset=\"https:\/\/www.maglin.com\/app\/uploads\/2025\/05\/jewel-720-lounge-300x162.jpg 300w, https:\/\/www.maglin.com\/app\/uploads\/2025\/05\/jewel-720-lounge-1024x552.jpg 1024w, https:\/\/www.maglin.com\/app\/uploads\/2025\/05\/jewel-720-lounge-768x414.jpg 768w, https:\/\/www.maglin.com\/app\/uploads\/2025\/05\/jewel-720-lounge-1536x828.jpg 1536w, https:\/\/www.maglin.com\/app\/uploads\/2025\/05\/jewel-720-lounge-2048x1104.jpg 2048w, https:\/\/www.maglin.com\/app\/uploads\/2025\/05\/jewel-720-lounge-1920x1035.jpg 1920w, https:\/\/www.maglin.com\/app\/uploads\/2025\/05\/jewel-720-lounge.jpg 2880w\" sizes=\"auto, (max-width: 2880px) 100vw, 2880px\" loading=\"lazy\" alt=\"Jewel, a small white and black mixed breed dog stands on a Maglin 720 Chaise lounge next to a pond.\" width=\"2880\" height=\"1552\"title=\"jewel-720-lounge\"\/><\/div><\/div>\n[\/generic_carousel_container][\/vc_column][\/vc_row][vc_row][vc_column]<div class=\"text-pattern\">\n\t<div class=\"text-pattern__container container\">\n\t\t<div class=\"text-pattern__background\">\n\t\t\t<img decoding=\"async\" src=\"https:\/\/www.maglin.com\/app\/themes\/maglin\/images\/corner-accent.svg\" alt=\"\" class=\"text-pattern__image\" aria-hidden=\"true\" \/>\n\t\t<\/div>\n\t\t<div class=\"text-pattern__content\">\n\t\t\t<div class=\"text-pattern__text text-large\">\n\t\t\t\tIl y a plus de 40 ans, Ian McAskile a commenc\u00e9 \u00e0 fabriquer des bancs dans sa cour, inspir\u00e9 par l\u2019id\u00e9e de cr\u00e9er du mobilier urbain durable qui pourrait relier les gens \u00e0 leur environnement. Il a donn\u00e9 \u00e0 sa nouvelle entreprise le nom de ses filles, Maggie et Lindsay, cr\u00e9ant ainsi un mot-valise qui est rest\u00e9\u2009: <strong>Maglin.<\/strong>\t\t\t<\/div>\n\t\t<\/div>\n\t<\/div>\n<\/div>\n[\/vc_column][\/vc_row][vc_row full_width=&#8221;stretch_row_content_no_spaces&#8221;][vc_column][alternating_content_container]\t<div class=\"alternating-content-item-wrapper transparent\">\n\t\t<div class=\"container\">\n\t\t\t\t\t\t\t<div class=\"advanced-media alternating-content-item-image start-bg-center\">\n\t\t\t<img decoding=\"async\" src=\"https:\/\/www.maglin.com\/app\/uploads\/2025\/05\/maglin-mezzanine-busy-assemblers.jpg\" width=\"3840\" height=\"2160\" alt=\"An image of Maglin employees assembling furniture taken from the mezzanine above at Maglin headquarters.\"  loading='eager'\/>\n\t\t<\/div>\n\t\t\t\t\t\t<div class=\"alternating-content-item-content-container\">\n\t\t\t\t<div class=\"alternating-content-item-inner\">\n\t\t\t\t\t\t\t\t\t\t\t<h2 class=\"alternating-content-item-heading\">O\u00f9 nous en sommes<\/h2>\n\t\t\t\t\t\t\t\t\t\t\t\t\t\t\t\t\t\t\t\t\t<div class=\"alternating-content-item-content\">\n\t\t\t\t\t\t\t<p>Aujourd\u2019hui, Maglin est une entreprise florissante qui collabore avec des designers, des prescripteurs et des entrepreneurs qui partagent notre passion pour la cr\u00e9ation d\u2019espaces ext\u00e9rieurs riches de sens.<\/p>\n<p>Nous sommes agiles, r\u00e9actifs et agr\u00e9ables \u00e0 c\u00f4toyer. C\u2019est avec beaucoup de fiert\u00e9 que nous relevons rapidement les d\u00e9fis qui se pr\u00e9sentent \u00e0 nous et que nous b\u00e2tissons des relations qui durent des d\u00e9cennies.<\/p>\n<p>Nos produits sont durables, magnifiques, et con\u00e7us avec soin pour embellir les espaces o\u00f9 les gens se rassemblent, tissent des liens et se ressourcent.<\/p>\n\t\t\t\t\t\t<\/div>\n\t\t\t\t\t\t\t\t\t\t\t\t\t\t<\/div>\n\t\t\t<\/div>\n\t\t<\/div>\n\t<\/div>\n\t<div class=\"alternating-content-item-wrapper transparent\">\n\t\t<div class=\"container\">\n\t\t\t\t\t\t\t<div class=\"advanced-media alternating-content-item-image start-bg-center\">\n\t\t\t<img decoding=\"async\" src=\"https:\/\/www.maglin.com\/app\/uploads\/2025\/05\/camp-north-end-pixel-friends-dogs.jpg\" width=\"1342\" height=\"1006\" alt=\"Two women, two black labs, and three men chat while perching on turquoise Pixel modular seating at Camp North End in Charlotte, NC. The dogs are looking at the camera, the people are looking at eachother.\"  loading='eager'\/>\n\t\t<\/div>\n\t\t\t\t\t\t<div class=\"alternating-content-item-content-container\">\n\t\t\t\t<div class=\"alternating-content-item-inner\">\n\t\t\t\t\t\t\t\t\t\t\t<h2 class=\"alternating-content-item-heading\">Les interactions comptent.<\/h2>\n\t\t\t\t\t\t\t\t\t\t\t\t\t\t\t\t\t\t\t\t\t<div class=\"alternating-content-item-content\">\n\t\t\t\t\t\t\t<p>Notre culture est fa\u00e7onn\u00e9e par l\u2019\u00e9nergie et la collaboration de nos \u00e9quipes, compos\u00e9es de gens qui s\u2019inspirent mutuellement pour toujours mieux cr\u00e9er, r\u00e9soudre et construire.<\/p>\n<p>Nous sommes aussi fa\u00e7onn\u00e9s par nos clients\u2009: les architectes-paysagistes, designers, entrepreneurs et promoteurs qui proposent des id\u00e9es, des d\u00e9fis et des visions audacieuses.<\/p>\n<p>Et, au final, nous sommes inspir\u00e9s par les personnes qui utilisent nos produits\u2009: les travailleurs qui attachent leur v\u00e9lo, les enfants qui grimpent sur les si\u00e8ges modulaires, les inconnus qui se voisinent sur un banc.<\/p>\n\t\t\t\t\t\t<\/div>\n\t\t\t\t\t\t\t\t\t\t\t\t\t\t<\/div>\n\t\t\t<\/div>\n\t\t<\/div>\n\t<\/div>\n\t<div class=\"alternating-content-item-wrapper transparent\">\n\t\t<div class=\"container\">\n\t\t\t\t\t\t\t<div class=\"advanced-media alternating-content-item-image start-bg-center\">\n\t\t\t<img decoding=\"async\" src=\"https:\/\/www.maglin.com\/app\/uploads\/2025\/05\/IMG_9148-scaled.jpeg\" width=\"4000\" height=\"3000\" alt=\"Maglin employees celebrate after completing the spring cleanup on Earth Day 2025\"  loading='eager'\/>\n\t\t<\/div>\n\t\t\t\t\t\t<div class=\"alternating-content-item-content-container\">\n\t\t\t\t<div class=\"alternating-content-item-inner\">\n\t\t\t\t\t\t\t\t\t\t\t<h2 class=\"alternating-content-item-heading\">Nous prenons nos responsabilit\u00e9s.<\/h2>\n\t\t\t\t\t\t\t\t\t\t\t\t\t\t\t\t\t\t\t\t\t<div class=\"alternating-content-item-content\">\n\t\t\t\t\t\t\t<p>Pour les lieux o\u00f9 nous vivons et ceux o\u00f9 nos produits sont utilis\u00e9s.<br \/>\nPour nos conceptions de produits durables et esth\u00e9tiques.<br \/>\nPour passer \u00e0 l\u2019action, et non pas se limiter aux belles paroles.<\/p>\n<p>Nous privil\u00e9gions la transparence \u00e0 l\u2019\u00e9coblanchiment, et fournissons <a href=\"https:\/\/www.maglin.com\/fr\/sustainability\/dep\/\">des d\u00e9clarations environnementales de produit (DEP)<\/a> ainsi que des informations claires sur les mat\u00e9riaux afin que nos clients puissent prendre des d\u00e9cisions \u00e9clair\u00e9es et ax\u00e9es sur les impacts.<\/p>\n\t\t\t\t\t\t<\/div>\n\t\t\t\t\t\t\t\t\t\t\t\t\t\t<\/div>\n\t\t\t<\/div>\n\t\t<\/div>\n\t<\/div>\n[\/alternating_content_container][\/vc_column][\/vc_row][vc_row][vc_column]<div class=\"animated-spaces animated-spaces__container container\">\n\t<div class=\"animated-spaces__wrapper\">\n\t\t<div class=\"animated-spaces__hero background-image-loading media-curve-top-left large-curve\" style=\"background-image: url('https:\/\/www.maglin.com\/app\/uploads\/2025\/05\/luis-lisa-maglin.jpg');\">\n\t\t\t<div class=\"animated-spaces__hero__overlay\"><\/div>\n\t\t\t<div class=\"animated-spaces__image-content\">\n\t\t\t\t\t\t\t\t\t<h2 id=\"video-modal-2641060530-label\" class=\"animated-spaces__title\">Nos \u00e9quipes<\/h2>\n\t\t\t\t\n\t\t\t\t\t\t\t\t\t<button type=\"button\" class=\"btn btn-sm animated-spaces__video-btn\" data-bs-toggle=\"modal\" data-bs-target=\"#video-modal-2641060530\">\n\t\t\t\t\t\t<span class=\"icon icon-play_circle_outline\"><\/span> VOIR LA VID\u00c9O\t\t\t\t\t<\/button>\n\t\t\t\t\t\t\t<\/div>\n\t\t<\/div>\n\n\t\t<div class=\"animated-spaces__description text-regular\">\n\t\t\t<hr\/>\n\t\t\t<p>Nous sommes designers, cr\u00e9ateurs, planificateurs, r\u00e9alisateurs et amoureux des chiens. Nous travaillons fort, trouvons rapidement des solutions et faisons preuve de curiosit\u00e9, d\u2019esprit de collaboration et d\u2019humour.<\/p>\n<p>Que ce soit pour cr\u00e9er un prototype personnalis\u00e9 ou pour accompagner un projet de sa conception jusqu\u2019\u00e0 son installation, nous mettons tout notre c\u0153ur dans le processus et veillons aux moindres d\u00e9tails.<\/p>\n<p>Parce que pour nous, faire preuve d\u2019excellence dans notre travail ne suffit pas. Nous voulons \u00e9galement \u00eatre d\u2019excellents collaborateurs.<\/p>\n\t\t<\/div>\n\t\t<div class=\"animated-spaces__outline media-curve-bottom-left large-curve\"><\/div>\n\n\t\t<div class=\"modal fade animated-spaces__modal\" id=\"video-modal-2641060530\" tabindex=\"-1\" aria-labelledby=\"video-modal-2641060530-label\" aria-hidden=\"true\">\n\t\t\t<div class=\"modal-dialog modal-xl modal-dialog-centered\">\n\t\t\t\t<div class=\"modal-content\">\n\t\t\t\t\t<button type=\"button\" class=\"close\" data-bs-dismiss=\"modal\" aria-label=\"Fermer\">\n\t\t\t\t\t\t<span class=\"icon icon-close\"><\/span>\n\t\t\t\t\t<\/button>\n\t\t\t\t\t<div class=\"modal-body\">\n\t\t\t\t\t\t<div class=\"responsive-video-container\">\n\t\t\t\t\t\t\t<iframe src=\"https:\/\/player.vimeo.com\/video\/1078780946?autoplay=0\" loading=\"lazy\"\n\t\t\t\t\t\t\t\tframeborder=\"0\"\n\t\t\t\t\t\t\t\tallow=\"autoplay; fullscreen\"\n\t\t\t\t\t\t\t\tallowfullscreen\n\t\t\t\t\t\t\t\ttitle=\"Nos \u00e9quipes\">\n\t\t\t\t\t\t\t<\/iframe>\n\t\t\t\t\t\t<\/div>\n\t\t\t\t\t<\/div>\n\t\t\t\t<\/div>\n\t\t\t<\/div>\n\t\t<\/div>\n\t<\/div>\n<\/div>\n[\/vc_column][\/vc_row][vc_row full_width=&#8221;stretch_row_content_no_spaces&#8221;][vc_column]<div class=\"media-banner media-curve-bottom-right large-curve with-video\">\n\t\t<div class=\"media-banner__container container\">\n\t\t<div class=\"media-banner__content\">\n\t\t\t\t\t\t\t<h2 class=\"media-banner__heading h1\">\n\t\t\t\t\tTrouvez votre place chez Maglin\t\t\t\t<\/h2>\n\t\t\t\t\t\t\t\t\t\t\t\t\t<div class=\"media-banner__button\">\n\t\t\t\t\t<a href=\"https:\/\/www.maglin.com\/fr\/entreprise\/carierres\/\" class=\"btn btn-inverse btn-light\" target=\"\">\n\t\t\t\t\t\tConsulter les carri\u00e8res\t\t\t\t\t<\/a>\n\t\t\t\t<\/div>\n\t\t\t\t\t<\/div>\n\t<\/div>\n\t<div class=\"advanced-media media-banner__media\">\n\t\t\t\t<div class=\"vimeo-bg-video-wrapper\">\n\t\t\t<div class=\"vimeo-video-controls\">\n\t\t\t\t<button class=\"vimeo-video-control vimeo-video-control-play d-none\">\n\t\t\t\t\t<span class=\"vimeo-video-control-icon icon-play\"><\/span>\n\t\t\t\t\t<span class=\"video-control-text sr-only\">Jouer la vid\u00e9o<\/span>\n\t\t\t\t<\/button>\n\t\t\t\t<button class=\"vimeo-video-control vimeo-video-control-pause\">\n\t\t\t\t\t<span class=\"vimeo-video-control-icon icon-pause\"><\/span>\n\t\t\t\t\t<span class=\"video-control-text sr-only\">Mettre la vid\u00e9o en pause<\/span>\n\t\t\t\t<\/button>\n\t\t\t<\/div>\n\t\t\t<iframe\n\t\t\t\tsrc=\"https:\/\/player.vimeo.com\/video\/1020649282?background=1&autoplay=0&loop=1&muted=1&playsinline=1\"\n\t\t\t\tloading=\"lazy\"\n\t\t\t\t\t\t\t\ttitle=\"Vimeo video\"\n\t\t\t\twidth=\"100%\"\n\t\t\t\theight=\"100%\"\n\t\t\t\tframeborder=\"0\"\n\t\t\t\tallowfullscreen>\n\t\t\t<\/iframe>\n\t\t<\/div>\n\t<\/div>\n<\/div>[\/vc_column][\/vc_row]<\/p>\n<\/div>","protected":false},"excerpt":{"rendered":"<p>[vc_row][vc_column][basic_container][\/basic_container][\/vc_column][\/vc_row][vc_row][vc_column][generic_carousel_container control_position=&#8221;generic-carousel__control&#8211;bottom generic-carousel__control&#8211;centre&#8221; arrow_pos=&#8221;arrows-vertical-center&#8221; items=&#8221;1&#8243; image_height=&#8221;maglin-v2-height-776&#8243; border_radius_corners=&#8221;media-curve-top-right&#8221; hide_dots=&#8221;true&#8221;][\/generic_carousel_container][\/vc_column][\/vc_row][vc_row][vc_column][\/vc_column][\/vc_row][vc_row full_width=&#8221;stretch_row_content_no_spaces&#8221;][vc_column][alternating_content_container][\/alternating_content_container][\/vc_column][\/vc_row][vc_row][vc_column][\/vc_column][\/vc_row][vc_row full_width=&#8221;stretch_row_content_no_spaces&#8221;][vc_column][\/vc_column][\/vc_row]<\/p>\n","protected":false},"author":4,"featured_media":80806,"parent":81312,"menu_order":370,"comment_status":"closed","ping_status":"closed","template":"","meta":{"_acf_changed":false,"footnotes":""},"class_list":["post-24039","page","type-page","status-publish","has-post-thumbnail","hentry"],"acf":[],"yoast_head":"<!-- This site is optimized with the Yoast SEO plugin v26.6 - https:\/\/yoast.com\/wordpress\/plugins\/seo\/ -->\n<title>\u00c0 propos de Maglin - Maglin<\/title>\n<meta name=\"description\" content=\"Il y a plus de 40 ans, Ian McAskile a commenc\u00e9 \u00e0 fabriquer des bancs dans sa cour, inspir\u00e9 par l\u2019id\u00e9e de cr\u00e9er du mobilier urbain durable qui pourrait relier les gens \u00e0 leur environnement.\" \/>\n<meta name=\"robots\" content=\"index, follow, max-snippet:-1, max-image-preview:large, max-video-preview:-1\" \/>\n<link rel=\"canonical\" href=\"https:\/\/www.maglin.com\/fr\/entreprise\/a-propos-de-maglin\/\" \/>\n<meta property=\"og:locale\" content=\"fr_FR\" \/>\n<meta property=\"og:type\" content=\"article\" \/>\n<meta property=\"og:title\" content=\"\u00c0 propos de Maglin - Maglin\" \/>\n<meta property=\"og:description\" content=\"Il y a plus de 40 ans, Ian McAskile a commenc\u00e9 \u00e0 fabriquer des bancs dans sa cour, inspir\u00e9 par l\u2019id\u00e9e de cr\u00e9er du mobilier urbain durable qui pourrait relier les gens \u00e0 leur environnement.\" \/>\n<meta property=\"og:url\" content=\"https:\/\/www.maglin.com\/fr\/entreprise\/a-propos-de-maglin\/\" \/>\n<meta property=\"og:site_name\" content=\"Maglin\" \/>\n<meta property=\"article:publisher\" content=\"https:\/\/www.facebook.com\/MaglinFurniture\/\" \/>\n<meta property=\"article:modified_time\" content=\"2025-06-30T15:43:41+00:00\" \/>\n<meta property=\"og:image\" content=\"https:\/\/www.maglin.com\/app\/uploads\/2025\/05\/maglin-sustainability-statement_main.jpg\" \/>\n\t<meta property=\"og:image:width\" content=\"2880\" \/>\n\t<meta property=\"og:image:height\" content=\"1552\" \/>\n\t<meta property=\"og:image:type\" content=\"image\/jpeg\" \/>\n<meta name=\"twitter:card\" content=\"summary_large_image\" \/>\n<meta name=\"twitter:site\" content=\"@maglinfurniture\" \/>\n<meta name=\"twitter:label1\" content=\"Est. reading time\" \/>\n\t<meta name=\"twitter:data1\" content=\"3 minutes\" \/>\n<script type=\"application\/ld+json\" class=\"yoast-schema-graph\">{\"@context\":\"https:\/\/schema.org\",\"@graph\":[{\"@type\":\"WebPage\",\"@id\":\"https:\/\/www.maglin.com\/fr\/entreprise\/a-propos-de-maglin\/\",\"url\":\"https:\/\/www.maglin.com\/fr\/entreprise\/a-propos-de-maglin\/\",\"name\":\"\u00c0 propos de Maglin - Maglin\",\"isPartOf\":{\"@id\":\"https:\/\/www.maglin.com\/fr\/#website\"},\"primaryImageOfPage\":{\"@id\":\"https:\/\/www.maglin.com\/fr\/entreprise\/a-propos-de-maglin\/#primaryimage\"},\"image\":{\"@id\":\"https:\/\/www.maglin.com\/fr\/entreprise\/a-propos-de-maglin\/#primaryimage\"},\"thumbnailUrl\":\"https:\/\/www.maglin.com\/app\/uploads\/2025\/05\/maglin-sustainability-statement_main.jpg\",\"datePublished\":\"2021-03-16T16:01:31+00:00\",\"dateModified\":\"2025-06-30T15:43:41+00:00\",\"description\":\"Il y a plus de 40 ans, Ian McAskile a commenc\u00e9 \u00e0 fabriquer des bancs dans sa cour, inspir\u00e9 par l\u2019id\u00e9e de cr\u00e9er du mobilier urbain durable qui pourrait relier les gens \u00e0 leur environnement.\",\"breadcrumb\":{\"@id\":\"https:\/\/www.maglin.com\/fr\/entreprise\/a-propos-de-maglin\/#breadcrumb\"},\"inLanguage\":\"fr-FR\",\"potentialAction\":[{\"@type\":\"ReadAction\",\"target\":[\"https:\/\/www.maglin.com\/fr\/entreprise\/a-propos-de-maglin\/\"]}]},{\"@type\":\"ImageObject\",\"inLanguage\":\"fr-FR\",\"@id\":\"https:\/\/www.maglin.com\/fr\/entreprise\/a-propos-de-maglin\/#primaryimage\",\"url\":\"https:\/\/www.maglin.com\/app\/uploads\/2025\/05\/maglin-sustainability-statement_main.jpg\",\"contentUrl\":\"https:\/\/www.maglin.com\/app\/uploads\/2025\/05\/maglin-sustainability-statement_main.jpg\",\"width\":2880,\"height\":1552,\"caption\":\"Maglin pond with red tree and blue skies and Maglin head office in distance\"},{\"@type\":\"BreadcrumbList\",\"@id\":\"https:\/\/www.maglin.com\/fr\/entreprise\/a-propos-de-maglin\/#breadcrumb\",\"itemListElement\":[{\"@type\":\"ListItem\",\"position\":1,\"name\":\"Accueil\",\"item\":\"https:\/\/www.maglin.com\/fr\/\"},{\"@type\":\"ListItem\",\"position\":2,\"name\":\"Entreprise\",\"item\":\"https:\/\/www.maglin.com\/fr\/entreprise\/\"},{\"@type\":\"ListItem\",\"position\":3,\"name\":\"\u00c0 propos de Maglin\"}]},{\"@type\":\"WebSite\",\"@id\":\"https:\/\/www.maglin.com\/fr\/#website\",\"url\":\"https:\/\/www.maglin.com\/fr\/\",\"name\":\"Maglin\",\"description\":\"Site Furniture\",\"potentialAction\":[{\"@type\":\"SearchAction\",\"target\":{\"@type\":\"EntryPoint\",\"urlTemplate\":\"https:\/\/www.maglin.com\/fr\/?s={search_term_string}\"},\"query-input\":{\"@type\":\"PropertyValueSpecification\",\"valueRequired\":true,\"valueName\":\"search_term_string\"}}],\"inLanguage\":\"fr-FR\"}]}<\/script>\n<!-- \/ Yoast SEO plugin. -->","yoast_head_json":{"title":"\u00c0 propos de Maglin - Maglin","description":"Il y a plus de 40 ans, Ian McAskile a commenc\u00e9 \u00e0 fabriquer des bancs dans sa cour, inspir\u00e9 par l\u2019id\u00e9e de cr\u00e9er du mobilier urbain durable qui pourrait relier les gens \u00e0 leur environnement.","robots":{"index":"index","follow":"follow","max-snippet":"max-snippet:-1","max-image-preview":"max-image-preview:large","max-video-preview":"max-video-preview:-1"},"canonical":"https:\/\/www.maglin.com\/fr\/entreprise\/a-propos-de-maglin\/","og_locale":"fr_FR","og_type":"article","og_title":"\u00c0 propos de Maglin - Maglin","og_description":"Il y a plus de 40 ans, Ian McAskile a commenc\u00e9 \u00e0 fabriquer des bancs dans sa cour, inspir\u00e9 par l\u2019id\u00e9e de cr\u00e9er du mobilier urbain durable qui pourrait relier les gens \u00e0 leur environnement.","og_url":"https:\/\/www.maglin.com\/fr\/entreprise\/a-propos-de-maglin\/","og_site_name":"Maglin","article_publisher":"https:\/\/www.facebook.com\/MaglinFurniture\/","article_modified_time":"2025-06-30T15:43:41+00:00","og_image":[{"width":2880,"height":1552,"url":"https:\/\/www.maglin.com\/app\/uploads\/2025\/05\/maglin-sustainability-statement_main.jpg","type":"image\/jpeg"}],"twitter_card":"summary_large_image","twitter_site":"@maglinfurniture","twitter_misc":{"Est. reading time":"3 minutes"},"schema":{"@context":"https:\/\/schema.org","@graph":[{"@type":"WebPage","@id":"https:\/\/www.maglin.com\/fr\/entreprise\/a-propos-de-maglin\/","url":"https:\/\/www.maglin.com\/fr\/entreprise\/a-propos-de-maglin\/","name":"\u00c0 propos de Maglin - Maglin","isPartOf":{"@id":"https:\/\/www.maglin.com\/fr\/#website"},"primaryImageOfPage":{"@id":"https:\/\/www.maglin.com\/fr\/entreprise\/a-propos-de-maglin\/#primaryimage"},"image":{"@id":"https:\/\/www.maglin.com\/fr\/entreprise\/a-propos-de-maglin\/#primaryimage"},"thumbnailUrl":"https:\/\/www.maglin.com\/app\/uploads\/2025\/05\/maglin-sustainability-statement_main.jpg","datePublished":"2021-03-16T16:01:31+00:00","dateModified":"2025-06-30T15:43:41+00:00","description":"Il y a plus de 40 ans, Ian McAskile a commenc\u00e9 \u00e0 fabriquer des bancs dans sa cour, inspir\u00e9 par l\u2019id\u00e9e de cr\u00e9er du mobilier urbain durable qui pourrait relier les gens \u00e0 leur environnement.","breadcrumb":{"@id":"https:\/\/www.maglin.com\/fr\/entreprise\/a-propos-de-maglin\/#breadcrumb"},"inLanguage":"fr-FR","potentialAction":[{"@type":"ReadAction","target":["https:\/\/www.maglin.com\/fr\/entreprise\/a-propos-de-maglin\/"]}]},{"@type":"ImageObject","inLanguage":"fr-FR","@id":"https:\/\/www.maglin.com\/fr\/entreprise\/a-propos-de-maglin\/#primaryimage","url":"https:\/\/www.maglin.com\/app\/uploads\/2025\/05\/maglin-sustainability-statement_main.jpg","contentUrl":"https:\/\/www.maglin.com\/app\/uploads\/2025\/05\/maglin-sustainability-statement_main.jpg","width":2880,"height":1552,"caption":"Maglin pond with red tree and blue skies and Maglin head office in distance"},{"@type":"BreadcrumbList","@id":"https:\/\/www.maglin.com\/fr\/entreprise\/a-propos-de-maglin\/#breadcrumb","itemListElement":[{"@type":"ListItem","position":1,"name":"Accueil","item":"https:\/\/www.maglin.com\/fr\/"},{"@type":"ListItem","position":2,"name":"Entreprise","item":"https:\/\/www.maglin.com\/fr\/entreprise\/"},{"@type":"ListItem","position":3,"name":"\u00c0 propos de Maglin"}]},{"@type":"WebSite","@id":"https:\/\/www.maglin.com\/fr\/#website","url":"https:\/\/www.maglin.com\/fr\/","name":"Maglin","description":"Site Furniture","potentialAction":[{"@type":"SearchAction","target":{"@type":"EntryPoint","urlTemplate":"https:\/\/www.maglin.com\/fr\/?s={search_term_string}"},"query-input":{"@type":"PropertyValueSpecification","valueRequired":true,"valueName":"search_term_string"}}],"inLanguage":"fr-FR"}]}},"_links":{"self":[{"href":"https:\/\/www.maglin.com\/fr\/wp-json\/wp\/v2\/pages\/24039","targetHints":{"allow":["GET"]}}],"collection":[{"href":"https:\/\/www.maglin.com\/fr\/wp-json\/wp\/v2\/pages"}],"about":[{"href":"https:\/\/www.maglin.com\/fr\/wp-json\/wp\/v2\/types\/page"}],"author":[{"embeddable":true,"href":"https:\/\/www.maglin.com\/fr\/wp-json\/wp\/v2\/users\/4"}],"replies":[{"embeddable":true,"href":"https:\/\/www.maglin.com\/fr\/wp-json\/wp\/v2\/comments?post=24039"}],"version-history":[{"count":0,"href":"https:\/\/www.maglin.com\/fr\/wp-json\/wp\/v2\/pages\/24039\/revisions"}],"up":[{"embeddable":true,"href":"https:\/\/www.maglin.com\/fr\/wp-json\/wp\/v2\/pages\/81312"}],"wp:featuredmedia":[{"embeddable":true,"href":"https:\/\/www.maglin.com\/fr\/wp-json\/wp\/v2\/media\/80806"}],"wp:attachment":[{"href":"https:\/\/www.maglin.com\/fr\/wp-json\/wp\/v2\/media?parent=24039"}],"curies":[{"name":"wp","href":"https:\/\/api.w.org\/{rel}","templated":true}]}}